{"id":11186,"date":"2025-10-23T09:21:00","date_gmt":"2025-10-23T12:21:00","guid":{"rendered":"https:\/\/agricultura.sp.gov.br\/cati\/?page_id=11186"},"modified":"2026-04-23T09:42:50","modified_gmt":"2026-04-23T12:42:50","slug":"protocolo-de-transicao-agroecologica","status":"publish","type":"page","link":"https:\/\/agricultura.sp.gov.br\/cati\/protocolo-de-transicao-agroecologica\/","title":{"rendered":"Protocolo de Transi\u00e7\u00e3o Agroecol\u00f3gica"},"content":{"rendered":"\n<figure class=\"wp-block-image size-large\"><img loading=\"lazy\" decoding=\"async\" width=\"1024\" height=\"256\" src=\"https:\/\/storage.googleapis.com\/saa-repositorio\/prd\/saa-sites\/cati\/imagens\/2025_CATI-CECOR_ARTE_Banner-Novo-site-CATI-1024-x-256__banner-4-2-1024x256.jpg\" alt=\"\" class=\"wp-image-11184\"\/><\/figure>\n\n\n\n<div style=\"height:35px\" aria-hidden=\"true\" class=\"wp-block-spacer\"><\/div>\n\n\n\n<details class=\"wp-block-details is-layout-flow wp-block-details-is-layout-flow\"><summary>Introdu\u00e7\u00e3o &#8211; O que \u00e9 a Transi\u00e7\u00e3o Agroecol\u00f3gica&nbsp;?<\/summary>\n<p>\u00c9 o processo gradual com orienta\u00e7\u00e3o e acompanhamento de transforma\u00e7\u00e3o das bases produtivas e sociais para recuperar a fertilidade e o equil\u00edbrio ecol\u00f3gico do agroecossistema em acordo com os princ\u00edpios da Agroecologia, priorizando o desenvolvimento de sistemas agroalimentares locais e sustent\u00e1veis, considerando os aspectos sociais, culturais, pol\u00edticos e econ\u00f4micos. (conceito descrito no artigo 1o da&nbsp;<a href=\"https:\/\/www.al.sp.gov.br\/repositorio\/legislacao\/lei\/2018\/lei-16684-19.03.2018.html\" target=\"_blank\" rel=\"noreferrer noopener\">Lei Estadual 16.684\/2018 que institui a Pol\u00edtica Estadual de Agroecologia e Produ\u00e7\u00e3o Org\u00e2nica de S\u00e3o Paulo &#8211; Peapo)<\/a>.<\/p>\n<\/details>\n\n\n\n<details class=\"wp-block-details is-layout-flow wp-block-details-is-layout-flow\"><summary>Protocolo de&nbsp;Transi\u00e7\u00e3o Agroecol\u00f3gica<\/summary>\n<p>As Secretarias de Estado do Meio Ambiente e da Agricultura (SMA\/SAA), em conjunto com a Associa\u00e7\u00e3o De Agricultura Org\u00e2nica (AAO) e o Instituto Kair\u00f3s, assinaram em 22 de maio de 2016 o&nbsp;<a href=\"http:\/\/codeagro.agricultura.sp.gov.br\/uploads\/capacitacao\/Protocolo%20SMA_SAA_AAO_Kairos%20assinado.pdf\" target=\"_blank\" rel=\"noreferrer noopener\"><strong>Protocolo de Inten\u00e7\u00f5es da Transi\u00e7\u00e3o Agroecol\u00f3gica e de est\u00edmulo \u00e0 produ\u00e7\u00e3o org\u00e2nica<\/strong><\/a>&nbsp;com o objetivo de promover boas pr\u00e1ticas agroambientais e o uso sustent\u00e1vel dos recursos naturais por agricultoras e agricultores, al\u00e9m de fomentar o incremento da produ\u00e7\u00e3o, da oferta e do consumo de alimentos saud\u00e1veis e agrobiodiversos. Em fevereiro de 2022, foi publicada a<strong>&nbsp;<a href=\"https:\/\/drive.google.com\/file\/d\/1NV5LW4dvtAQdMhiH4-jHV8Xu2whln7go\/view?usp=share_link\" target=\"_blank\" rel=\"noreferrer noopener\">Resolu\u00e7\u00e3o Conjunta SAA\/SIMA\/SJC 01\/2022<\/a><\/strong>&nbsp;instituindo o Protocolo de Transi\u00e7\u00e3o Agroecol\u00f3gica, incluindo a Funda\u00e7\u00e3o Itesp como novo parceiro.<\/p>\n\n\n\n<p><br>O Protocolo tem como proposta apoiar e viabilizar esse processo gradual de mudan\u00e7as do sistema produtivo convencional para um agroecossistema em acordo com os princ\u00edpios da Agroecologia nas \u00e1reas rurais, urbanas e periurbanas do estado de S\u00e3o Paulo.<br>Se voc\u00ea \u00e9 agricultor(a), extensionista, t\u00e9cnico(a), consumidor(a), estabelecimento comercial ou de \u00f3rg\u00e3o p\u00fablico e tem interesse em participar de algum modo no Protocolo de Transi\u00e7\u00e3o Agroecol\u00f3gica, preencha o&nbsp;<a href=\"https:\/\/forms.gle\/gj8y3mdbzMB5DVft5\" target=\"_blank\" rel=\"noreferrer noopener\"><strong>formul\u00e1rio<\/strong><\/a>&nbsp;de pesquisa.<\/p>\n\n\n\n<p><strong>CAPACITA\u00c7\u00c3O<\/strong><\/p>\n\n\n\n<p>Extensionistas interessados(as) em se capacitar para aplicar o Protocolo de Transi\u00e7\u00e3o Agroecol\u00f3gica devem:<br>1) Atender ao requisito de possuir conhecimento\/forma\u00e7\u00e3o ou experi\u00eancia em agroecologia e produ\u00e7\u00e3o org\u00e2nica;<br>2) Assistir 2 v\u00eddeos de capacita\u00e7\u00e3o, conforme segue:<br>a. Conte\u00fado parcial descrito abaixo referente \u00e0 Capacita\u00e7\u00e3o realizada no ano de 2020 no link&nbsp;<a href=\"https:\/\/www.youtube.com\/watch?v=s6pkjpWQiBc&amp;t=4206s.\" target=\"_blank\" rel=\"noreferrer noopener\">https:\/\/www.youtube.com\/watch?v=s6pkjpWQiBc&amp;t=4206s.<\/a><br>i. 11min41seg &#8211; 32min20seg : Palestra detalhada do PTA e suas aplica\u00e7\u00f5es<br>ii. 32min45seg-1h19min35seg : Estudo de caso do grupo de agricultores(as) em transi\u00e7\u00e3o agroecol\u00f3gica de Mogi das Cruzes<br>b. Conte\u00fado total da Capacita\u00e7\u00e3o online realizada em abril de 2022 contendo atualiza\u00e7\u00f5es do Protocolo e o novo sistema de opera\u00e7\u00e3o do PTA por meio do SisRural no link&nbsp;<a href=\"https:\/\/youtu.be\/wDS6OIrKMtM\" target=\"_blank\" rel=\"noreferrer noopener\">https:\/\/youtu.be\/wDS6OIrKMtM<\/a>&nbsp;.<br>3) Responder o question\u00e1rio de perguntas e avalia\u00e7\u00e3o da capacita\u00e7\u00e3o dispon\u00edvel em&nbsp;<a href=\"https:\/\/forms.gle\/aesjjw9v4ZVD92Xb6\" target=\"_blank\" rel=\"noreferrer noopener\">https:\/\/forms.gle\/aesjjw9v4ZVD92Xb6<\/a><br>4) Enviar email para&nbsp;<a href=\"mailto:agroecologia@sp.gov.br\">agroecologia@sp.gov.br<\/a>&nbsp;solicitando o acesso ao sistema SisRural (cria\u00e7\u00e3o de perfil, login e senha).<\/p>\n\n\n\n<p><strong>SISRURAL<\/strong><\/p>\n\n\n\n<p>Em maio de 2021, o Protocolo de Transi\u00e7\u00e3o Agroecol\u00f3gica passou a ser aplicado por meio do Sistema Sisrural, Sistema de Assist\u00eancia T\u00e9cnica e Extens\u00e3o Rural e Ambiental que visa apoiar pol\u00edticas p\u00fablicas de desenvolvimento rural sustent\u00e1vel e de preserva\u00e7\u00e3o ambiental, desenvolvido pela Prefeitura Municipal de S\u00e3o Paulo em conjunto com a Secretaria de Agricultura do Estado de S\u00e3o Paulo. Desta forma, a partir desta data todos os extensionistas habilitados a aplicar o protocolo precisam acessar o Sistema para envio das informa\u00e7\u00f5es dos produtores.<\/p>\n\n\n\n<p><strong>VIDEOS TUTORIAIS PARA WEB E APP<br><\/strong><br>O SisRural \u00e9 composto de m\u00f3dulo Web (p\u00e1gina na internet:&nbsp;<a href=\"https:\/\/sisrural.prefeitura.sp.gov.br\/\" target=\"_blank\" rel=\"noreferrer noopener\">https:\/\/sisrural.prefeitura.sp.gov.br\/<\/a>&nbsp;) e aplicativo para celulares e tablets (Download no PlayStore https:\/\/bit.ly\/3gFQ9g1 ou buscar por SisRural)<\/p>\n\n\n\n<p>1\ufe0f\u20e3 Vis\u00e3o Conceitual e Desenvolvimento (11 min) &#8211; Explica\u00e7\u00e3o da trajet\u00f3ria de desenvolvimento do sistema e suas principais funcionalidades&nbsp;<a href=\"https:\/\/bit.ly\/3gGbJ4g\" target=\"_blank\" rel=\"noreferrer noopener\">https:\/\/bit.ly\/3gGbJ4g<\/a><\/p>\n\n\n\n<p>2\ufe0f\u20e3 WEB &#8211; Primeiro acesso (2 min) &#8211; orienta\u00e7\u00e3o para defini\u00e7\u00e3o da senha no primeiro acesso&nbsp;<a href=\"https:\/\/bit.ly\/3cMyCBW\" target=\"_blank\" rel=\"noreferrer noopener\">https:\/\/bit.ly\/3cMyCBW<\/a><\/p>\n\n\n\n<p>3\ufe0f\u20e3 APP &#8211; Primeiro acesso (4 min) &#8211; orienta\u00e7\u00e3o para download do aplicativo e primeiro acesso&nbsp;<a href=\"https:\/\/bit.ly\/3wBGhL9\" target=\"_blank\" rel=\"noreferrer noopener\">https:\/\/bit.ly\/3wBGhL9<\/a><\/p>\n\n\n\n<p>4\ufe0f\u20e3 WEB &#8211; Todas as funcionalidades (25 min) &#8211; apresenta\u00e7\u00e3o de todas as funcionalidades do SisRural no ambiente Web&nbsp;<a href=\"https:\/\/bit.ly\/3q9eOOE\" target=\"_blank\" rel=\"noreferrer noopener\">https:\/\/bit.ly\/3q9eOOE<\/a><\/p>\n\n\n\n<p>5\ufe0f\u20e3 APP- Todas as funcionalidades (6 min) &#8211; navega\u00e7\u00e3o nas funcionalidades do App e uso offline&nbsp;<a href=\"https:\/\/bit.ly\/35r0Ii3\" target=\"_blank\" rel=\"noreferrer noopener\">https:\/\/bit.ly\/35r0Ii3<\/a><\/p>\n\n\n\n<p>6\ufe0f\u20e3 WEB &#8211; Capacita\u00e7\u00e3o do Protocolo de Transi\u00e7\u00e3o Agroecol\u00f3gica (43 min) &#8211; passo a passo para aplica\u00e7\u00e3o do Protocolo de Transi\u00e7\u00e3o Agroecol\u00f3gica no ambiente Web&nbsp;<a href=\"https:\/\/bit.ly\/35t4oQd\" target=\"_blank\" rel=\"noreferrer noopener\">https:\/\/bit.ly\/35t4oQd<\/a><\/p>\n\n\n\n<p>7\ufe0f\u20e3 APP &#8211; Capacita\u00e7\u00e3o do Protocolo de Transi\u00e7\u00e3o Agroecol\u00f3gica (17 min) &#8211; passo a passo para aplica\u00e7\u00e3o do Protocolo de Transi\u00e7\u00e3o Agroecol\u00f3gica no aplicativo SisRural&nbsp;<a href=\"https:\/\/bit.ly\/3xrG25w\" target=\"_blank\" rel=\"noreferrer noopener\">https:\/\/bit.ly\/3xrG25w<\/a><\/p>\n<\/details>\n\n\n\n<details class=\"wp-block-details is-layout-flow wp-block-details-is-layout-flow\"><summary>Diretivas Agroambientais<\/summary>\n<p>Cada agricultora e agricultor \u00e9 acompanhada\/o por um\/a extensionista que fornece as orienta\u00e7\u00f5es t\u00e9cnicas para melhorias das pr\u00e1ticas agroambientais e aplica o checklist de avalia\u00e7\u00e3o e acompanhamento.<\/p>\n\n\n\n<p>O <strong>Checklist <\/strong>\u00e9 composto por perguntas com base nas <strong>09 diretivas t\u00e9cnicas agroambientais do Protocolo<\/strong>:<\/p>\n\n\n\n<ul class=\"wp-block-list\">\n<li>I.&nbsp; &nbsp; Conserva\u00e7\u00e3o do solo e de controle de eros\u00e3o.<\/li>\n\n\n\n<li>II.&nbsp; &nbsp; Aumento da propor\u00e7\u00e3o de mat\u00e9ria org\u00e2nica no solo.<\/li>\n\n\n\n<li>III.&nbsp; &nbsp;Diversifica\u00e7\u00e3o do uso do solo e aumento da agrobiodiversidade.<\/li>\n\n\n\n<li>IV.&nbsp; &nbsp;Utiliza\u00e7\u00e3o de adubos verdes e fertilizantes org\u00e2nicos.<\/li>\n\n\n\n<li>V.&nbsp; &nbsp; Uso racional e o reaproveitamento da \u00e1gua.<\/li>\n\n\n\n<li>VI.&nbsp; &nbsp;Manejo ecol\u00f3gico de pragas e doen\u00e7as.<\/li>\n\n\n\n<li>VII.&nbsp; Adequa\u00e7\u00e3o ambiental da propriedade.<\/li>\n\n\n\n<li>VIII. Destina\u00e7\u00e3o correta de dejetos humanos e as \u00e1guas cinzas.<\/li>\n\n\n\n<li>IX.&nbsp; &nbsp;Destina\u00e7\u00e3o correta de res\u00edduos s\u00f3lidos.<\/li>\n<\/ul>\n<\/details>\n\n\n\n<details class=\"wp-block-details is-layout-flow wp-block-details-is-layout-flow\"><summary>Certificado e Declara\u00e7\u00e3o de Transi\u00e7\u00e3o Agroecol\u00f3gica<\/summary>\n<p>Tanto o Certificado como a Declara\u00e7\u00e3o de Transi\u00e7\u00e3o Agroecol\u00f3gica atestam que produtores e produtoras est\u00e3o em processo de transi\u00e7\u00e3o agroecol\u00f3gica por meio do Protocolo de Transi\u00e7\u00e3o Agroecol\u00f3gica. Tais documentos s\u00e3o emitidos para agricultoras e agricultores que recebem acompanhamento t\u00e9cnico de extensionista rural, que passaram por uma visita de aplica\u00e7\u00e3o do checklist e que possuem Plano de Transi\u00e7\u00e3o Agroecol\u00f3gica aprovado. Eles n\u00e3o atestam as pr\u00e1ticas de processamento de produtos, que seguem regula\u00e7\u00e3o pr\u00f3pria.<\/p>\n\n\n\n<p>O Certificado e a Declara\u00e7\u00e3o podem ser apresentados nos pontos de comercializa\u00e7\u00e3o, como feiras, eventos, mercados e at\u00e9 mesmo para compras coletivas de grupos de consumidores e compras institucionais (p\u00fablicas e privadas). Eles possuem validade de 01 (um) ano.<\/p>\n\n\n\n<p>A lista dos produtores que possuem o certificado e declara\u00e7\u00e3o v\u00e1lidos&nbsp; pode ser acessada por meio do endere\u00e7o eletr\u00f4nico&nbsp;<a href=\"https:\/\/docs.google.com\/spreadsheets\/d\/1wgQy0-aT-2iq0GpouR9tP7PTkyYvOhnr\/edit?gid=2015123798#gid=2015123798\" target=\"_blank\" rel=\"noreferrer noopener\">LISTA DE PRODUTORES<\/a><\/p>\n\n\n\n<p>A Declara\u00e7\u00e3o de Transi\u00e7\u00e3o Agroecol\u00f3gica \u00e9 emitida para produtores em \u00e1rea de transi\u00e7\u00e3o que se encontra em est\u00e1gio inicial onde ainda s\u00e3o necess\u00e1rias diversas mudan\u00e7as nas pr\u00e1ticas e no desenho do agroecossistema. O Certificado de Transi\u00e7\u00e3o Agroecol\u00f3gica \u00e9 emitido para \u00e1reas de transi\u00e7\u00e3o que se encontra em est\u00e1gio mais avan\u00e7ado da transi\u00e7\u00e3o, onde j\u00e1 n\u00e3o s\u00e3o utilizadas variedades transg\u00eanicas, agrot\u00f3xicos e fertilizantes n\u00e3o permitidos pela legisla\u00e7\u00e3o da agricultura org\u00e2nica vigente.<\/p>\n\n\n\n<p>O Certificado e a Declara\u00e7\u00e3o s\u00e3o uma ferramenta de reconhecimento \u00e0s agricultoras e aos agricultores bem como de seguran\u00e7a para consumidores e estabelecimentos comerciais que desejam apoiar esse momento crucial dos agricultores e adquir produtos mais sustent\u00e1veis.<\/p>\n\n\n\n<figure class=\"wp-block-image\"><img decoding=\"async\" src=\"https:\/\/www.cati.sp.gov.br\/portal\/themes\/unify\/arquivos\/produtos-e-servicos\/certificado-modelo.jpg\" alt=\"\"\/><\/figure>\n\n\n\n<figure class=\"wp-block-image\"><img decoding=\"async\" src=\"https:\/\/www.cati.sp.gov.br\/portal\/themes\/unify\/arquivos\/produtos-e-servicos\/declaracao-modelo.jpg\" alt=\"\"\/><\/figure>\n<\/details>\n\n\n\n<details class=\"wp-block-details is-layout-flow wp-block-details-is-layout-flow\"><summary>Ades\u00e3o<\/summary>\n<p><strong>QUEM PODE ADERIR AO PROTOCOLO DE TRANSI\u00c7\u00c3O E COMO FUNCIONA O PROCESSO DE ADES\u00c3O?<\/strong><\/p>\n\n\n\n<p>A ades\u00e3o de grupos de agricultores e agricultoras ao Protocolo de Transi\u00e7\u00e3o Agroecol\u00f3gica pode ser realizada por meio de Institui\u00e7\u00f5es de Assist\u00eancia T\u00e9cnica e Extens\u00e3o Rural (Ater), Organiza\u00e7\u00f5es da Sociedade Civil, Prefeituras ou mesmo por grupos formados pelos pr\u00f3prios produtores, com a indica\u00e7\u00e3o de um extensionista respons\u00e1vel pelo diagn\u00f3stico e acompanhamento da execu\u00e7\u00e3o do Plano de Transi\u00e7\u00e3o Agroecol\u00f3gica.<\/p>\n\n\n\n<p>Para mais detalhes, contatar o Grupo Executivo do Protocolo: e-mail&nbsp;<a href=\"mailto:agroecologia@sp.gov.br\"><em>agroecologia@sp.gov.br<\/em><\/a>&nbsp;&nbsp;<\/p>\n<\/details>\n\n\n\n<details class=\"wp-block-details is-layout-flow wp-block-details-is-layout-flow\"><summary>Publica\u00e7\u00f5es e links<\/summary>\n<p><br><strong>Manual de Produ\u00e7\u00e3o de Milho Org\u00e2nico<\/strong><br>A Sociedade Nacional de Agricultura, atrav\u00e9s do Centro de Intelig\u00eancia em Org\u00e2nicos, lan\u00e7a o manual \u201cComo Produzir Milho Org\u00e2nico\u201d. <a href=\"http:\/\/www.codeagro.agricultura.sp.gov.br\/arquivos\/fichasagroecologicas\/Como-Produzir-Milho-Organico.pdf\">CLIQUE AQUI.<\/a><br><br><strong>Manual de Produ\u00e7\u00e3o de Morango Org\u00e2nico<\/strong><br>A Sociedade Nacional de Agricultura, atrav\u00e9s do Centro de Intelig\u00eancia em Org\u00e2nicos, lan\u00e7a o manual \u201cComo Produzir Morango Org\u00e2nico\u201d. <a href=\"https:\/\/ciorganicos.com.br\/wp-content\/uploads\/2017\/10\/Como-Produzir-Morango-Org\u00e2nico.pdf\">CLIQUE AQUI.<\/a><br><br><strong>Feminismo e Agroecologia<\/strong><br><a href=\"http:\/\/www.sof.org.br\/category\/publicacoes\/\" target=\"_blank\" rel=\"noreferrer noopener\">http:\/\/www.sof.org.br\/category\/publicacoes\/<\/a><br><br><strong>Educa\u00e7\u00e3o ambiental e agroecologia<\/strong><br><a href=\"https:\/\/www.cati.sp.gov.br\/portal\/produtos-e-servicos\/publicacoes\/acervo-tecnico\/equilibrio-e-eficiencia\" target=\"_blank\" rel=\"noreferrer noopener\">http:\/\/www.cati.sp.gov.br\/portal\/produtos-e-servicos\/publicacoes\/acervo-tecnico\/equilibrio-e-eficiencia<\/a><br><br><strong>Agroecologia &#8211; manejo e princ\u00edpios<\/strong><br><a href=\"http:\/\/www.agricultura.gov.br\/assuntos\/sustentabilidade\/organicos\/fichas-agroecologicas\/capa-fichas-agroecologicas\" target=\"_blank\" rel=\"noreferrer noopener\">http:\/\/www.agricultura.gov.br\/assuntos\/sustentabilidade\/organicos\/fichas-agroecologicas\/capa-fichas-agroecologicas<\/a><br><a href=\"http:\/\/www.agricultura.gov.br\/assuntos\/sustentabilidade\/organicos\/arquivos-publicacoes-organicos\/caderno_do_plano_de_manejo_organico.pdf\/view\" target=\"_blank\" rel=\"noreferrer noopener\">http:\/\/www.agricultura.gov.br\/assuntos\/sustentabilidade\/organicos\/arquivos-publicacoes-organicos\/caderno_do_plano_de_manejo_organico.pdf\/view<\/a><br><a href=\"http:\/\/universidadeorganica.com.br\/8-cartilhas-agroecologicas-gratuitas-para-voce\/\" target=\"_blank\" rel=\"noreferrer noopener\">http:\/\/universidadeorganica.com.br\/8-cartilhas-agroecologicas-gratuitas-para-voce\/<\/a><br><br><strong>Sistemas Agroflorestais (SAF) \/ Agroflorestas<\/strong><br><a href=\"http:\/\/www.worldagroforestry.org\/downloads\/Publications\/PDFS\/MN17387.pdf\" target=\"_blank\" rel=\"noreferrer noopener\">http:\/\/www.worldagroforestry.org\/downloads\/Publications\/PDFS\/MN17387.pdf<\/a><br><a href=\"http:\/\/www.agrofloresta.net\/biblioteca-online\/livros-e-revistas\/\" target=\"_blank\" rel=\"noreferrer noopener\">http:\/\/www.agrofloresta.net\/biblioteca-online\/livros-e-revistas\/<\/a><br><a href=\"https:\/\/www.embrapa.br\/en\/busca-geral\/-\/busca\/relacionados\/produto-servico\/112\/publicacao\" target=\"_blank\" rel=\"noreferrer noopener\">https:\/\/www.embrapa.br\/en\/busca-geral\/-\/busca\/relacionados\/produto-servico\/112\/publicacao<\/a><br><a href=\"https:\/\/www.embrapa.br\/documents\/1355163\/2019246\/cit016.pdf\/2f20d8f3-aa91-49dd-aa48-5b0134394322\" target=\"_blank\" rel=\"noreferrer noopener\">https:\/\/www.embrapa.br\/documents\/1355163\/2019246\/cit016.pdf\/2f20d8f3-aa91-49dd-aa48-5b0134394322<\/a><br><a href=\"https:\/\/biowit.files.wordpress.com\/2010\/11\/apostila-agroflorest.pdf\" target=\"_blank\" rel=\"noreferrer noopener\">https:\/\/biowit.files.wordpress.com\/2010\/11\/apostila-agroflorest.pdf<\/a><br><br><strong>Pancs &#8211; Plantas Aliment\u00edcias N\u00e3o Convencionais<\/strong><br><strong>Blog Matos de Comer &#8211;&nbsp;<\/strong><a href=\"http:\/\/www.matosdecomer.com.br\/\" target=\"_blank\" rel=\"noreferrer noopener\">http:\/\/www.matosdecomer.com.br\/<\/a><br><strong>Blog Come-se &#8211;&nbsp;<\/strong><a href=\"https:\/\/come-se.blogspot.com.br\/\" target=\"_blank\" rel=\"noreferrer noopener\">https:\/\/come-se.blogspot.com.br\/<\/a><br><strong>Guia Pr\u00e1tico de PANC (Instituto Kair\u00f3s) &#8211;&nbsp;<\/strong><a href=\"http:\/\/institutokairos.net\/portfolio-items\/guia-pratico-de-panc-plantas-alimenticias-nao-convencionais\/#lightbox\/0\/\" target=\"_blank\" rel=\"noreferrer noopener\">http:\/\/institutokairos.net\/portfolio-items\/guia-pratico-de-panc-plantas-alimenticias-nao-convencionais\/#lightbox\/0\/<\/a><br><br><strong>Minist\u00e9rio da Agricultura, Pecu\u00e1ria e Abastecimento (MAPA) &#8211; Setor Org\u00e2nicos<\/strong><br><a href=\"http:\/\/www.agricultura.gov.br\/assuntos\/sustentabilidade\/organicos\" target=\"_blank\" rel=\"noreferrer noopener\">http:\/\/www.agricultura.gov.br\/assuntos\/sustentabilidade\/organicos<\/a><br><br><strong>Mapa de Feiras Org\u00e2nicas \u2013 IDEC<\/strong><br><a href=\"http:\/\/feirasorganicas.idec.org.br\/\" target=\"_blank\" rel=\"noreferrer noopener\">http:\/\/feirasorganicas.idec.org.br\/<\/a><br><br><strong>Articula\u00e7\u00e3o Nacional de Agroecologia (ANA)<\/strong><br><a href=\"http:\/\/www.agroecologia.org.br\/\" target=\"_blank\" rel=\"noreferrer noopener\">http:\/\/www.agroecologia.org.br\/<\/a><br><br><strong>Articula\u00e7\u00e3o Paulista de Agroecologia (APA<\/strong>)<br><a href=\"https:\/\/www.facebook.com\/pg\/ArticulacaoPaulistaDeAgroecologia\/about\/\" target=\"_blank\" rel=\"noreferrer noopener\">https:\/\/www.facebook.com\/pg\/ArticulacaoPaulistaDeAgroecologia\/about\/<\/a><br><br><strong>Associa\u00e7\u00e3o de Agricultura Org\u00e2nica<\/strong><br><a href=\"http:\/\/aao.org.br\/aao\/\" target=\"_blank\" rel=\"noreferrer noopener\">http:\/\/aao.org.br\/aao\/<\/a><br><br><strong>Instituto Kair\u00f3s<\/strong><br><a href=\"http:\/\/institutokairos.net\/\" target=\"_blank\" rel=\"noreferrer noopener\">http:\/\/institutokairos.net\/<\/a><br><br><strong>Portal do Consumo Respons\u00e1vel<\/strong><br><a href=\"http:\/\/consumoresponsavel.org.br\/\" target=\"_blank\" rel=\"noreferrer noopener\">http:\/\/consumoresponsavel.org.br\/<\/a><br><br><strong>Centro de Intelig\u00eancia em Org\u00e2nicos<\/strong><br><a href=\"http:\/\/ciorganicos.com.br\/\" target=\"_blank\" rel=\"noreferrer noopener\">http:\/\/ciorganicos.com.br\/<\/a><br><br><strong>Associa\u00e7\u00e3o de Agricultura Natural de Campinas e Regi\u00e3o<\/strong><br><a href=\"http:\/\/anc.org.br\/\" target=\"_blank\" rel=\"noreferrer noopener\">http:\/\/anc.org.br\/<\/a><br><br><strong>Associa\u00e7\u00e3o Agricultura Familiar e Agroecologia<\/strong><br><a href=\"http:\/\/aspta.org.br\/quem-somos\/\" target=\"_blank\" rel=\"noreferrer noopener\">http:\/\/aspta.org.br\/quem-somos\/<\/a><br><br><strong>ABD Associa\u00e7\u00e3o Biodinamica<\/strong><br><a href=\"http:\/\/biodinamica.org.br\/\" target=\"_blank\" rel=\"noreferrer noopener\">http:\/\/biodinamica.org.br\/<\/a><br><br><strong>Amater &#8211; Cooperativa de Trabalho e Assessoria T\u00e9cnica, Extens\u00e3o Rural e Meio Ambiente<\/strong><br><a href=\"https:\/\/www.facebook.com\/amatercoop\/\" target=\"_blank\" rel=\"noreferrer noopener\">https:\/\/www.facebook.com\/amatercoop\/<\/a><br><br><strong>SOF &#8211; Sempreviva Organiza\u00e7\u00e3o Feminista<\/strong><br><a href=\"http:\/\/www.sof.org.br\/tag\/ater\/\" target=\"_blank\" rel=\"noreferrer noopener\">http:\/\/www.sof.org.br\/tag\/ater\/<\/a><\/p>\n<\/details>\n\n\n\n<p><strong>PEAPO<\/strong><\/p>\n\n\n\n<p><a href=\"https:\/\/www.al.sp.gov.br\/repositorio\/legislacao\/lei\/2018\/lei-16684-19.03.2018.html\">Pol\u00edtica Estadual de Agroecologia e Produ\u00e7\u00e3o Org\u00e2nica &#8211; PEAPO<\/a><\/p>\n\n\n\n<p><strong>PLEAPO<\/strong><\/p>\n\n\n\n<p><a href=\"https:\/\/agricultura.sp.gov.br\/wp-content\/uploads\/2025\/04\/Livro_Digital_Pleapo.pdf\">Plano Estadual 2023 &#8211; 2027<\/a><\/p>\n\n\n\n<details class=\"wp-block-details is-layout-flow wp-block-details-is-layout-flow\"><summary>Not\u00edcias<\/summary>\n<h4 class=\"wp-block-heading\">Secretaria de Agricultura e Abastecimento entrega certificados do Protocolo de Transi\u00e7\u00e3o Agroecol\u00f3gica a agricultores de Mairipor\u00e3<\/h4>\n\n\n\n<p><a href=\"https:\/\/www.cati.sp.gov.br\/portal\/imprensa\/noticia\/secretaria-de-agricultura-e-abastecimento-entrega-certificados-do-protocolo-de-transio-agroecolgica-a-agricultores-de-mairipor-\" target=\"_blank\" rel=\"noreferrer noopener\">http:\/\/www.cati.sp.gov.br\/portal\/imprensa\/noticia\/secretaria-de-agricultura-e-abastecimento-entrega-certificados-do-protocolo-de-transio-agroecolgica-a-agricultores-de-mairipor-<\/a><\/p>\n\n\n\n<hr class=\"wp-block-separator has-alpha-channel-opacity\"\/>\n\n\n\n<h4 class=\"wp-block-heading\">Prefeitura de S\u00e3o Paulo assina acordo de compra de produtos org\u00e2nicos e em Transi\u00e7\u00e3o Agroecol\u00f3gica<\/h4>\n\n\n\n<p><a href=\"http:\/\/www.codeagro.sp.gov.br\/codeagro\/noticia\/328\/prefeitura-de-sao-paulo-assina-acordo-de-compra-de-produtos-organicos-e-em-transicao-agroecologica\" target=\"_blank\" rel=\"noreferrer noopener\">http:\/\/www.codeagro.sp.gov.br\/codeagro\/noticia\/328\/prefeitura-de-sao-paulo-assina-acordo-de-compra-de-produtos-organicos-e-em-transicao-agroecologica<\/a><\/p>\n\n\n\n<hr class=\"wp-block-separator has-alpha-channel-opacity\"\/>\n\n\n\n<h4 class=\"wp-block-heading\">TRANSI\u00c7\u00c3O AGROECOL\u00d3GICA \u00c9 ESTIMULADA NO MUNIC\u00cdPIO DE S\u00c3O PAULO<\/h4>\n\n\n\n<p><a href=\"https:\/\/www.infraestruturameioambiente.sp.gov.br\/2018\/04\/transicao-agroecologica-e-estimulada-no-municipio-de-sao-paulo\">https:\/\/www.infraestruturameioambiente.sp.gov.br\/2018\/04\/transicao-agroecologica-e-estimulada-no-municipio-de-sao-paulo<\/a><\/p>\n\n\n\n<hr class=\"wp-block-separator has-alpha-channel-opacity\"\/>\n\n\n\n<h4 class=\"wp-block-heading\">TRANSI\u00c7\u00c3O AGROECOL\u00d3GICA AVAN\u00c7A NO ESTADO DE S\u00c3O PAULO<\/h4>\n\n\n\n<p><a href=\"https:\/\/www.infraestruturameioambiente.sp.gov.br\/2018\/01\/transicao-agroecologica-avanca-no-estado-de-sao-paulo-2\">https:\/\/www.infraestruturameioambiente.sp.gov.br\/2018\/01\/transicao-agroecologica-avanca-no-estado-de-sao-paulo-2<\/a><\/p>\n\n\n\n<hr class=\"wp-block-separator has-alpha-channel-opacity\"\/>\n\n\n\n<h4 class=\"wp-block-heading\">Transi\u00e7\u00e3o agroecol\u00f3gica pode ajudar agricultores que n\u00e3o t\u00eam selo de org\u00e2nico<\/h4>\n\n\n\n<p><a href=\"https:\/\/g1.globo.com\/sao-paulo\/sorocaba-jundiai\/nosso-campo\/noticia\/transicao-agroecologica-pode-ajudar-agricultores-que-nao-tem-selo-de-organico.ghtml\">https:\/\/g1.globo.com\/sao-paulo\/sorocaba-jundiai\/nosso-campo\/noticia\/transicao-agroecologica-pode-ajudar-agricultores-que-nao-tem-selo-de-organico.ghtml<\/a><\/p>\n\n\n\n<hr class=\"wp-block-separator has-alpha-channel-opacity\"\/>\n\n\n\n<h4 class=\"wp-block-heading\">Transi\u00e7\u00e3o Agroecol\u00f3gica: site ensina a migrar para cultura org\u00e2nica<\/h4>\n\n\n\n<p><a href=\"http:\/\/www.codeagro.sp.gov.br\/codeagro\/noticia\/207\/transicao-agroecologica:-site-ensina-a-migrar-para-cultura-organica\" target=\"_blank\" rel=\"noreferrer noopener\">http:\/\/www.codeagro.sp.gov.br\/codeagro\/noticia\/207\/transicao-agroecologica:-site-ensina-a-migrar-para-cultura-organica<\/a><\/p>\n\n\n\n<hr class=\"wp-block-separator has-alpha-channel-opacity\"\/>\n\n\n\n<h4 class=\"wp-block-heading\">Governo do Estado apoia a Transi\u00e7\u00e3o Agroecol\u00f3gica para aumentar a produ\u00e7\u00e3o org\u00e2nica paulista<\/h4>\n\n\n\n<p><a href=\"http:\/\/www.codeagro.sp.gov.br\/codeagro\/noticia\/195\/governo-do-estado-apoia-a-transicao-agroecologica-para-aumentar-a-producao-organica-paulista\" target=\"_blank\" rel=\"noreferrer noopener\">http:\/\/www.codeagro.sp.gov.br\/codeagro\/noticia\/195\/governo-do-estado-apoia-a-transicao-agroecologica-para-aumentar-a-producao-organica-paulista<\/a><\/p>\n\n\n\n<hr class=\"wp-block-separator has-alpha-channel-opacity\"\/>\n\n\n\n<h4 class=\"wp-block-heading\">Site de Transi\u00e7\u00e3o Agroecol\u00f3gica \u00e9 not\u00edcia no Di\u00e1rio Oficial<\/h4>\n\n\n\n<p><a href=\"http:\/\/www.codeagro.sp.gov.br\/codeagro\/noticia\/186\/site-de-transicao-agroecologica-e-noticia-no-diario-oficial\" target=\"_blank\" rel=\"noreferrer noopener\">http:\/\/www.codeagro.sp.gov.br\/codeagro\/noticia\/186\/site-de-transicao-agroecologica-e-noticia-no-diario-oficial<\/a><\/p>\n\n\n\n<hr class=\"wp-block-separator has-alpha-channel-opacity\"\/>\n\n\n\n<h4 class=\"wp-block-heading\">Site traz informa\u00e7\u00f5es para produtores que querem aderir \u00e0 Transi\u00e7\u00e3o Agroecol\u00f3gica<\/h4>\n\n\n\n<p><a href=\"http:\/\/www.codeagro.sp.gov.br\/codeagro\/noticia\/184\/site-traz-informacoes-para-produtores-que-querem-aderir-a-transicao-agroecologica\" target=\"_blank\" rel=\"noreferrer noopener\">http:\/\/www.codeagro.sp.gov.br\/codeagro\/noticia\/184\/site-traz-informacoes-para-produtores-que-querem-aderir-a-transicao-agroecologica<\/a><\/p>\n\n\n\n<hr class=\"wp-block-separator has-alpha-channel-opacity\"\/>\n\n\n\n<h4 class=\"wp-block-heading\">Capacita\u00e7\u00e3o em S\u00e3o Roque orientar\u00e1 sobre transi\u00e7\u00e3o agroecol\u00f3gica<\/h4>\n\n\n\n<p><a href=\"http:\/\/www.codeagro.sp.gov.br\/codeagro\/noticia\/183\/capacitacao-em-sao-roque-orientara-sobre-transicao-agroecologica\" target=\"_blank\" rel=\"noreferrer noopener\">http:\/\/www.codeagro.sp.gov.br\/codeagro\/noticia\/183\/capacitacao-em-sao-roque-orientara-sobre-transicao-agroecologica<\/a><\/p>\n\n\n\n<hr class=\"wp-block-separator has-alpha-channel-opacity\"\/>\n\n\n\n<h4 class=\"wp-block-heading\">TRANSI\u00c7\u00c3O AGROECOL\u00d3GICA AVAN\u00c7A NO ESTADO DE S\u00c3O PAULO<\/h4>\n\n\n\n<p><a href=\"https:\/\/www.infraestruturameioambiente.sp.gov.br\/2017\/06\/transicao-agroecologica-avanca-no-estado-de-sao-paulo\">https:\/\/www.infraestruturameioambiente.sp.gov.br\/2017\/06\/transicao-agroecologica-avanca-no-estado-de-sao-paulo<\/a><\/p>\n\n\n\n<hr class=\"wp-block-separator has-alpha-channel-opacity\"\/>\n\n\n\n<h4 class=\"wp-block-heading\">Codeagro recebe representante do Instituto Kair\u00f3s para falar sobre mesa de debate na Bio Brazil Fair 2017 e o Protocolo de Transi\u00e7\u00e3o Agroecol\u00f3gica<\/h4>\n\n\n\n<p><a href=\"http:\/\/www.codeagro.sp.gov.br\/codeagro\/noticia\/166\/codeagro-recebe-representante-do-instituto-kairos-para-falar-sobre-mesa-de-debate-na-bio-brazil-fair-2017-e-o-protocolo-de-transicao-agroecologica\" target=\"_blank\" rel=\"noreferrer noopener\">http:\/\/www.codeagro.sp.gov.br\/codeagro\/noticia\/166\/codeagro-recebe-representante-do-instituto-kairos-para-falar-sobre-mesa-de-debate-na-bio-brazil-fair-2017-e-o-protocolo-de-transicao-agroecologica<\/a><\/p>\n\n\n\n<hr class=\"wp-block-separator has-alpha-channel-opacity\"\/>\n\n\n\n<h4 class=\"wp-block-heading\">Agricultura\/Codeagro e SMA entregam certificados a agricultores em transi\u00e7\u00e3o agroecol\u00f3gica<\/h4>\n\n\n\n<p><a href=\"http:\/\/www.codeagro.sp.gov.br\/codeagro\/noticia\/136\/agricultura~2Fcodeagro-e-sma-entregam-certificados-a-agricultores-em-transicao-agroecologica\" target=\"_blank\" rel=\"noreferrer noopener\">http:\/\/www.codeagro.sp.gov.br\/codeagro\/noticia\/136\/agricultura~2Fcodeagro-e-sma-entregam-certificados-a-agricultores-em-transicao-agroecologica<\/a><\/p>\n\n\n\n<hr class=\"wp-block-separator has-alpha-channel-opacity\"\/>\n\n\n\n<h4 class=\"wp-block-heading\">Reuni\u00e3o discute participa\u00e7\u00e3o municipal no protocolo de transi\u00e7\u00e3o agroecol\u00f3gica<\/h4>\n\n\n\n<p><a href=\"http:\/\/www.codeagro.sp.gov.br\/codeagro\/noticia\/119\/reuniao-discute-participacao-municipal-no-protocolo-de-transicao-agroecologica\" target=\"_blank\" rel=\"noreferrer noopener\">http:\/\/www.codeagro.sp.gov.br\/codeagro\/noticia\/119\/reuniao-discute-participacao-municipal-no-protocolo-de-transicao-agroecologica<\/a><\/p>\n\n\n\n<hr class=\"wp-block-separator has-alpha-channel-opacity\"\/>\n\n\n\n<h4 class=\"wp-block-heading\">VII CONGRESO INTERNACIONAL DE AGROECOLOG\u00cdA<\/h4>\n\n\n\n<p><a href=\"http:\/\/www.osala-agroecologia.org\/vii-congreso-internacional-de-agroecologia\/%22\" target=\"_blank\" rel=\"noreferrer noopener\">http:\/\/www.osala-agroecologia.org\/vii-congreso-internacional-de-agroecologia\/<\/a><\/p>\n\n\n\n<hr class=\"wp-block-separator has-alpha-channel-opacity\"\/>\n\n\n\n<h4 class=\"wp-block-heading\">Produtos em transi\u00e7\u00e3o agroecol\u00f3gica adquiridos em compras p\u00fablicas<\/h4>\n\n\n\n<p><a href=\"http:\/\/www.ambiente.sp.gov.br\/produtos-em-transicao-agroecologica-adquiridos-em-compras-publicas\/%22\" target=\"_blank\" rel=\"noreferrer noopener\">http:\/\/www.ambiente.sp.gov.br\/produtos-em-transicao-agroecologica-adquiridos-em-compras-publicas\/<\/a><\/p>\n\n\n\n<hr class=\"wp-block-separator has-alpha-channel-opacity\"\/>\n\n\n\n<h4 class=\"wp-block-heading\">Transi\u00e7\u00e3o agroecol\u00f3gica avan\u00e7a no estado de S\u00e3o Paulo<\/h4>\n\n\n\n<p><a href=\"http:\/\/www.ambiente.sp.gov.br\/transicao-agroecologica-avanca-no-estado-de-sao-paulo-2\/\" target=\"_blank\" rel=\"noreferrer noopener\">http:\/\/www.ambiente.sp.gov.br\/transicao-agroecologica-avanca-no-estado-de-sao-paulo-2\/<\/a><\/p>\n<\/details>\n\n\n\n<details class=\"wp-block-details is-layout-flow wp-block-details-is-layout-flow\"><summary>Espa\u00e7o para troca de experi\u00eancias<\/summary>\n<p>A&nbsp;<a href=\"http:\/\/www.agroecologiaemrede.org.br\/\" target=\"_blank\" rel=\"noreferrer noopener\">Agroecologia em Rede<\/a>&nbsp;\u00e9 um sistema de informa\u00e7\u00f5es sobre iniciativas em Agroecologia composto por tr\u00eas bancos de dados interligados entre si: o Banco de Experi\u00eancias, o Banco de Pesquisas e o Banco de Contatos (pessoais e institucionais).<\/p>\n\n\n\n<p>As consultas e os cadastros nos bancos de dados podem ser feitas livremente.<\/p>\n\n\n\n<p>As seguintes organiza\u00e7\u00f5es s\u00e3o respons\u00e1veis pelo gerenciamento dos bancos de dados:<\/p>\n\n\n\n<p>Sociedade Cient\u00edfica Latino-americana de Agroecologia (Socla): gerencia o banco de pesquisas e o cadastro de experi\u00eancias de ensino, pesquisa e extens\u00e3o agroecol\u00f3gica nos demais pa\u00edses latino-americanos (<a href=\"https:\/\/www.socla.co\/\" target=\"_blank\" rel=\"noreferrer noopener\">https:\/\/www.socla.co\/<\/a>).<\/p>\n\n\n\n<p>Articula\u00e7\u00e3o Nacional de Agroecologia (ANA): gerencia o banco de experi\u00eancias no Brasil (<a href=\"http:\/\/www.agroecologia.org.br\/\" target=\"_blank\" rel=\"noreferrer noopener\">http:\/\/www.agroecologia.org.br\/<\/a>).<\/p>\n\n\n\n<p>Associa\u00e7\u00e3o Brasileira de Agroecologia (ABA-Agroecologia): gerencia o banco de pesquisas e o cadastro das experi\u00eancias brasileiras nas \u00e1reas de ensino, pesquisa e extens\u00e3o agroecol\u00f3gica (<a href=\"https:\/\/codeagro.agricultura.sp.gov.br\/\" target=\"_blank\" rel=\"noreferrer noopener\">http:\/\/aba-agroecologia.org.br\/wordpress\/)<\/a>).<\/p>\n<\/details>\n\n\n\n<p><\/p>\n","protected":false},"excerpt":{"rendered":"<p>PEAPO Pol\u00edtica Estadual de Agroecologia e Produ\u00e7\u00e3o Org\u00e2nica &#8211; PEAPO PLEAPO Plano Estadual 2023 &#8211; 2027<\/p>\n","protected":false},"author":15,"featured_media":0,"parent":0,"menu_order":0,"comment_status":"closed","ping_status":"closed","template":"","meta":{"_acf_changed":false,"footnotes":""},"class_list":["post-11186","page","type-page","status-publish","hentry"],"acf":[],"_links":{"self":[{"href":"https:\/\/agricultura.sp.gov.br\/cati\/wp-json\/wp\/v2\/pages\/11186","targetHints":{"allow":["GET"]}}],"collection":[{"href":"https:\/\/agricultura.sp.gov.br\/cati\/wp-json\/wp\/v2\/pages"}],"about":[{"href":"https:\/\/agricultura.sp.gov.br\/cati\/wp-json\/wp\/v2\/types\/page"}],"author":[{"embeddable":true,"href":"https:\/\/agricultura.sp.gov.br\/cati\/wp-json\/wp\/v2\/users\/15"}],"replies":[{"embeddable":true,"href":"https:\/\/agricultura.sp.gov.br\/cati\/wp-json\/wp\/v2\/comments?post=11186"}],"version-history":[{"count":11,"href":"https:\/\/agricultura.sp.gov.br\/cati\/wp-json\/wp\/v2\/pages\/11186\/revisions"}],"predecessor-version":[{"id":24273,"href":"https:\/\/agricultura.sp.gov.br\/cati\/wp-json\/wp\/v2\/pages\/11186\/revisions\/24273"}],"wp:attachment":[{"href":"https:\/\/agricultura.sp.gov.br\/cati\/wp-json\/wp\/v2\/media?parent=11186"}],"curies":[{"name":"wp","href":"https:\/\/api.w.org\/{rel}","templated":true}]}}